{"id":109,"date":"2017-02-14T07:46:16","date_gmt":"2017-02-14T07:46:16","guid":{"rendered":"http:\/\/themes.kadencethemes.com\/ascend-premium-3\/?page_id=109"},"modified":"2025-01-24T13:04:55","modified_gmt":"2025-01-24T12:04:55","slug":"le-projet","status":"publish","type":"page","link":"https:\/\/www.sylvefruit.fr\/pepiniere\/le-projet\/","title":{"rendered":"Qui sommes-nous ?"},"content":{"rendered":"<div class=\"row\"> <div class=\"col-md-2\"><\/div>\n<div class=\"col-md-8\">\n<p style=\"text-align: left;\"><span style=\"color: #000000;\">La<strong> p\u00e9pini\u00e8re SYLVE<span style=\"color: #ff0000;\">&amp;<\/span>FRUIT<\/strong> c\u2019est aujourd&rsquo;hui l&rsquo;histoire d&rsquo;une rencontre entre p\u00e9pini\u00e9ristes, passionn\u00e9s par le v\u00e9g\u00e9tal et le travail de la terre!<br \/>\n<\/span><\/p>\n<p><span style=\"color: #000000;\">Depuis sa reprise en 2015, <strong>SYLVE<span style=\"color: #ff0000;\">&amp;<\/span>FRUIT<\/strong> s&rsquo;est construit autour d&rsquo;un objectif : la <strong>P\u00c9PINI\u00c8RE FRUITI\u00c8RE D&rsquo;ALTITUDE<\/strong>.<\/span><\/p>\n<p>&nbsp;<\/p>\n<p><span style=\"color: #000000;\"><em><strong>P\u00c9PINI\u00c8RE <\/strong><\/em>&#8211; Nous produisons en pleine terre des arbres et arbustes que nous vendons principalement \u00e0 racines nues. Nous les cultivons avec tr\u00e8s peu de traitements et seulement ceux utilisables en agriculture biologique. Nos pratiques culturales s&rsquo;appuient sur notre exp\u00e9rience et nos observations quotidiennes des arbres. Notre envie d&rsquo;en apprendre toujours plus nous pousse \u00e0 nous remettre en question r\u00e9guli\u00e8rement, au fur et \u00e0 mesure de nos recherches et des avanc\u00e9es techniques dans les domaines de la p\u00e9pini\u00e8re et l&rsquo;arboriculture biologiques.<\/span><\/p>\n<table style=\"border-collapse: collapse; width: 100%;\">\n<tbody>\n<tr>\n<td style=\"width: 27.3939%;\"><\/td>\n<td style=\"width: 46.303%;\"><img decoding=\"async\" class=\"size-medium wp-image-13809 aligncenter\" src=\"https:\/\/www.sylvefruit.fr\/pepiniere\/wp-content\/uploads\/2023\/09\/IMG_2352-300x225.jpg\" alt=\"\" width=\"300\" height=\"225\" srcset=\"https:\/\/www.sylvefruit.fr\/pepiniere\/wp-content\/uploads\/2023\/09\/IMG_2352-300x225.jpg 300w, https:\/\/www.sylvefruit.fr\/pepiniere\/wp-content\/uploads\/2023\/09\/IMG_2352-1024x768.jpg 1024w, https:\/\/www.sylvefruit.fr\/pepiniere\/wp-content\/uploads\/2023\/09\/IMG_2352-768x576.jpg 768w, https:\/\/www.sylvefruit.fr\/pepiniere\/wp-content\/uploads\/2023\/09\/IMG_2352-1536x1152.jpg 1536w, https:\/\/www.sylvefruit.fr\/pepiniere\/wp-content\/uploads\/2023\/09\/IMG_2352-2048x1536.jpg 2048w, https:\/\/www.sylvefruit.fr\/pepiniere\/wp-content\/uploads\/2023\/09\/IMG_2352-600x450.jpg 600w\" sizes=\"(max-width: 300px) 100vw, 300px\" \/><\/td>\n<td style=\"width: 26.303%;\"><\/td>\n<\/tr>\n<\/tbody>\n<\/table>\n<p>&nbsp;<\/p>\n<p><em><strong>FRUITI\u00c8RE<\/strong><\/em> &#8211; <span style=\"color: #000000;\">C&rsquo;est avec plaisir et \u00e9merveillement que nous s\u00e9lectionnons et greffons des dizaines de vari\u00e9t\u00e9s de fruitiers comestibles, qu&rsquo;elles soient classiques ou m\u00e9connues. Au fil des ann\u00e9es, nous agr\u00e9mentons notre gamme de nouvelles vari\u00e9t\u00e9s, pour vous faire d\u00e9couvrir un catalogue le plus complet possible. Nous proposons pour vos projets de plantations des scions, arbres greff\u00e9s de un an, ayant le maximum de chance de reprise sur votre terrain.<\/span><\/p>\n<table style=\"border-collapse: collapse; width: 100%; height: 247px;\">\n<tbody>\n<tr style=\"height: 247px;\">\n<td style=\"width: 30.6666%; height: 247px;\"><\/td>\n<td style=\"width: 43.7576%; height: 247px;\"><img decoding=\"async\" class=\"size-medium wp-image-5683 aligncenter\" src=\"https:\/\/www.sylvefruit.fr\/pepiniere\/wp-content\/uploads\/2022\/08\/meader-300x300.jpg\" alt=\"\" width=\"300\" height=\"300\" srcset=\"https:\/\/www.sylvefruit.fr\/pepiniere\/wp-content\/uploads\/2022\/08\/meader-300x300.jpg 300w, https:\/\/www.sylvefruit.fr\/pepiniere\/wp-content\/uploads\/2022\/08\/meader-150x150.jpg 150w, https:\/\/www.sylvefruit.fr\/pepiniere\/wp-content\/uploads\/2022\/08\/meader-100x100.jpg 100w, https:\/\/www.sylvefruit.fr\/pepiniere\/wp-content\/uploads\/2022\/08\/meader-400x400.jpg 400w, https:\/\/www.sylvefruit.fr\/pepiniere\/wp-content\/uploads\/2022\/08\/meader-460x460.jpg 460w, https:\/\/www.sylvefruit.fr\/pepiniere\/wp-content\/uploads\/2022\/08\/meader-480x480.jpg 480w, https:\/\/www.sylvefruit.fr\/pepiniere\/wp-content\/uploads\/2022\/08\/meader-240x240.jpg 240w, https:\/\/www.sylvefruit.fr\/pepiniere\/wp-content\/uploads\/2022\/08\/meader-360x360.jpg 360w, https:\/\/www.sylvefruit.fr\/pepiniere\/wp-content\/uploads\/2022\/08\/meader.jpg 500w\" sizes=\"(max-width: 300px) 100vw, 300px\" \/><\/td>\n<td style=\"width: 25.5757%; height: 247px;\"><\/td>\n<\/tr>\n<\/tbody>\n<\/table>\n<p>&nbsp;<\/p>\n<p><em><strong>D&rsquo;ALTITUDE<\/strong><\/em> &#8211; <span style=\"color: #000000;\">Au-del\u00e0 de notre amour pour le grand air et les montagnes, notre travail de p\u00e9pini\u00e9ristes est orient\u00e9 vers la culture des v\u00e9g\u00e9taux les plus susceptibles de fructifier en climat montagnard. La situation de la p\u00e9pini\u00e8re (Tri\u00e8ves, altitude 850m) et de ses alentours (observation de vergers, en Is\u00e8re et d\u00e9partements alpins proches) nous ont permis d&rsquo;acqu\u00e9rir une solide exp\u00e9rience en mati\u00e8re d\u2019arbres fruitiers en montagne. Notre activit\u00e9 prend tout son sens lorsque nous vous faisons profiter de cette exp\u00e9rience et de nos conseils !<\/span><\/p>\n<table style=\"border-collapse: collapse; width: 100%; height: 195px;\">\n<tbody>\n<tr style=\"height: 166px;\">\n<td style=\"width: 32%; height: 195px;\"><\/td>\n<td style=\"width: 45.212%; height: 195px;\"><img decoding=\"async\" class=\"alignnone wp-image-13813\" src=\"https:\/\/www.sylvefruit.fr\/pepiniere\/wp-content\/uploads\/2023\/09\/IMG_3709-300x225.jpg\" alt=\"\" width=\"323\" height=\"242\" srcset=\"https:\/\/www.sylvefruit.fr\/pepiniere\/wp-content\/uploads\/2023\/09\/IMG_3709-300x225.jpg 300w, https:\/\/www.sylvefruit.fr\/pepiniere\/wp-content\/uploads\/2023\/09\/IMG_3709-1024x768.jpg 1024w, https:\/\/www.sylvefruit.fr\/pepiniere\/wp-content\/uploads\/2023\/09\/IMG_3709-768x576.jpg 768w, https:\/\/www.sylvefruit.fr\/pepiniere\/wp-content\/uploads\/2023\/09\/IMG_3709-1536x1152.jpg 1536w, https:\/\/www.sylvefruit.fr\/pepiniere\/wp-content\/uploads\/2023\/09\/IMG_3709-2048x1536.jpg 2048w, https:\/\/www.sylvefruit.fr\/pepiniere\/wp-content\/uploads\/2023\/09\/IMG_3709-600x450.jpg 600w\" sizes=\"(max-width: 323px) 100vw, 323px\" \/><\/td>\n<td style=\"width: 22.7879%; height: 195px;\"><\/td>\n<\/tr>\n<\/tbody>\n<\/table>\n<p>&nbsp;<\/p>\n<p><span style=\"color: #000000;\">Parce que cela nous tient \u00e0 c\u0153ur de rassembler les comp\u00e9tences locales, nous travaillons en partenariat avec d&rsquo;autres p\u00e9pini\u00e8res. C\u2019est notamment le cas depuis quelques ann\u00e9es avec \u2018Les Jardins du Margarou\u2019 \u00e0 Pr\u00e9bois (38710) qui produit pour nous des plantes en pot (arbustes d\u2019ornement, plantes aromatiques et fleurs vivaces).<\/span><\/p>\n<table style=\"border-collapse: collapse; width: 100%; height: 24px;\">\n<tbody>\n<tr style=\"height: 24px;\">\n<td style=\"width: 28.6061%; height: 24px;\"><\/td>\n<td style=\"width: 45.4545%; height: 24px;\"><\/td>\n<td style=\"width: 25.9394%; height: 24px;\"><\/td>\n<\/tr>\n<\/tbody>\n<\/table>\n<p><span style=\"color: #000000;\"><strong>Quels que soient votre localisation et votre projet, professionnels ou particuliers, n\u2019h\u00e9sitez pas \u00e0 faire appel \u00e0 nous pour vous accompagner. Nous nous ferons un plaisir de vous conseiller, en esp\u00e9rant que vous appr\u00e9cierez autant que nous de voir grandir ces v\u00e9g\u00e9taux qui nous font tant de bien !<\/strong> <\/span><\/p>\n<p>&nbsp;<\/p>\n<p>&nbsp;<\/p>\n<p><img decoding=\"async\" class=\"wp-image-562 size-full aligncenter\" src=\"https:\/\/www.sylvefruit.fr\/pepiniere\/wp-content\/uploads\/2021\/06\/BasdePage.png\" alt=\"\" width=\"974\" height=\"334\" srcset=\"https:\/\/www.sylvefruit.fr\/pepiniere\/wp-content\/uploads\/2021\/06\/BasdePage.png 974w, https:\/\/www.sylvefruit.fr\/pepiniere\/wp-content\/uploads\/2021\/06\/BasdePage-300x103.png 300w, https:\/\/www.sylvefruit.fr\/pepiniere\/wp-content\/uploads\/2021\/06\/BasdePage-768x263.png 768w, https:\/\/www.sylvefruit.fr\/pepiniere\/wp-content\/uploads\/2021\/06\/BasdePage-600x206.png 600w\" sizes=\"(max-width: 974px) 100vw, 974px\" \/><\/p>\n<\/div>\n<div class=\"col-md-2\"><\/div>\n<\/div>\n","protected":false},"excerpt":{"rendered":"","protected":false},"author":1,"featured_media":0,"parent":0,"menu_order":0,"comment_status":"closed","ping_status":"closed","template":"","meta":{"footnotes":""},"class_list":["post-109","page","type-page","status-publish","hentry"],"yoast_head":"<!-- This site is optimized with the Yoast SEO plugin v27.5 - https:\/\/yoast.com\/product\/yoast-seo-wordpress\/ -->\n<title>Qui sommes-nous ? &#8212; Sylve &amp; Fruit<\/title>\n<meta name=\"robots\" content=\"index, follow, max-snippet:-1, max-image-preview:large, max-video-preview:-1\" \/>\n<link rel=\"canonical\" href=\"https:\/\/www.sylvefruit.fr\/pepiniere\/le-projet\/\" \/>\n<meta property=\"og:locale\" content=\"fr_FR\" \/>\n<meta property=\"og:type\" content=\"article\" \/>\n<meta property=\"og:title\" content=\"Qui sommes-nous ? &#8212; Sylve &amp; Fruit\" \/>\n<meta property=\"og:url\" content=\"https:\/\/www.sylvefruit.fr\/pepiniere\/le-projet\/\" \/>\n<meta property=\"og:site_name\" content=\"Sylve &amp; Fruit\" \/>\n<meta property=\"article:publisher\" content=\"https:\/\/www.facebook.com\/sylvefruit\/\" \/>\n<meta property=\"article:modified_time\" content=\"2025-01-24T12:04:55+00:00\" \/>\n<meta property=\"og:image\" content=\"https:\/\/www.sylvefruit.fr\/pepiniere\/wp-content\/uploads\/2023\/09\/IMG_2352-scaled.jpg\" \/>\n\t<meta property=\"og:image:width\" content=\"2560\" \/>\n\t<meta property=\"og:image:height\" content=\"1920\" \/>\n\t<meta property=\"og:image:type\" content=\"image\/jpeg\" \/>\n<meta name=\"twitter:card\" content=\"summary_large_image\" \/>\n<meta name=\"twitter:label1\" content=\"Dur\u00e9e de lecture estim\u00e9e\" \/>\n\t<meta name=\"twitter:data1\" content=\"3 minutes\" \/>\n<script type=\"application\/ld+json\" class=\"yoast-schema-graph\">{\"@context\":\"https:\\\/\\\/schema.org\",\"@graph\":[{\"@type\":\"WebPage\",\"@id\":\"https:\\\/\\\/www.sylvefruit.fr\\\/pepiniere\\\/le-projet\\\/\",\"url\":\"https:\\\/\\\/www.sylvefruit.fr\\\/pepiniere\\\/le-projet\\\/\",\"name\":\"Qui sommes-nous ? &#8212; Sylve &amp; Fruit\",\"isPartOf\":{\"@id\":\"https:\\\/\\\/www.sylvefruit.fr\\\/pepiniere\\\/#website\"},\"primaryImageOfPage\":{\"@id\":\"https:\\\/\\\/www.sylvefruit.fr\\\/pepiniere\\\/le-projet\\\/#primaryimage\"},\"image\":{\"@id\":\"https:\\\/\\\/www.sylvefruit.fr\\\/pepiniere\\\/le-projet\\\/#primaryimage\"},\"thumbnailUrl\":\"https:\\\/\\\/www.sylvefruit.fr\\\/pepiniere\\\/wp-content\\\/uploads\\\/2023\\\/09\\\/IMG_2352-300x225.jpg\",\"datePublished\":\"2017-02-14T07:46:16+00:00\",\"dateModified\":\"2025-01-24T12:04:55+00:00\",\"breadcrumb\":{\"@id\":\"https:\\\/\\\/www.sylvefruit.fr\\\/pepiniere\\\/le-projet\\\/#breadcrumb\"},\"inLanguage\":\"fr-FR\",\"potentialAction\":[{\"@type\":\"ReadAction\",\"target\":[\"https:\\\/\\\/www.sylvefruit.fr\\\/pepiniere\\\/le-projet\\\/\"]}]},{\"@type\":\"ImageObject\",\"inLanguage\":\"fr-FR\",\"@id\":\"https:\\\/\\\/www.sylvefruit.fr\\\/pepiniere\\\/le-projet\\\/#primaryimage\",\"url\":\"https:\\\/\\\/www.sylvefruit.fr\\\/pepiniere\\\/wp-content\\\/uploads\\\/2023\\\/09\\\/IMG_2352-scaled.jpg\",\"contentUrl\":\"https:\\\/\\\/www.sylvefruit.fr\\\/pepiniere\\\/wp-content\\\/uploads\\\/2023\\\/09\\\/IMG_2352-scaled.jpg\",\"width\":2560,\"height\":1920},{\"@type\":\"BreadcrumbList\",\"@id\":\"https:\\\/\\\/www.sylvefruit.fr\\\/pepiniere\\\/le-projet\\\/#breadcrumb\",\"itemListElement\":[{\"@type\":\"ListItem\",\"position\":1,\"name\":\"Accueil\",\"item\":\"https:\\\/\\\/www.sylvefruit.fr\\\/pepiniere\\\/\"},{\"@type\":\"ListItem\",\"position\":2,\"name\":\"Qui sommes-nous ?\"}]},{\"@type\":\"WebSite\",\"@id\":\"https:\\\/\\\/www.sylvefruit.fr\\\/pepiniere\\\/#website\",\"url\":\"https:\\\/\\\/www.sylvefruit.fr\\\/pepiniere\\\/\",\"name\":\"Sylve & Fruit\",\"description\":\"P\u00e9pini\u00e8re fruiti\u00e8re d&#039;altitude en Is\u00e8re\",\"publisher\":{\"@id\":\"https:\\\/\\\/www.sylvefruit.fr\\\/pepiniere\\\/#organization\"},\"potentialAction\":[{\"@type\":\"SearchAction\",\"target\":{\"@type\":\"EntryPoint\",\"urlTemplate\":\"https:\\\/\\\/www.sylvefruit.fr\\\/pepiniere\\\/?s={search_term_string}\"},\"query-input\":{\"@type\":\"PropertyValueSpecification\",\"valueRequired\":true,\"valueName\":\"search_term_string\"}}],\"inLanguage\":\"fr-FR\"},{\"@type\":\"Organization\",\"@id\":\"https:\\\/\\\/www.sylvefruit.fr\\\/pepiniere\\\/#organization\",\"name\":\"Sylve & Fruit\",\"url\":\"https:\\\/\\\/www.sylvefruit.fr\\\/pepiniere\\\/\",\"logo\":{\"@type\":\"ImageObject\",\"inLanguage\":\"fr-FR\",\"@id\":\"https:\\\/\\\/www.sylvefruit.fr\\\/pepiniere\\\/#\\\/schema\\\/logo\\\/image\\\/\",\"url\":\"https:\\\/\\\/www.sylvefruit.fr\\\/pepiniere\\\/wp-content\\\/uploads\\\/2024\\\/09\\\/logo.jpg\",\"contentUrl\":\"https:\\\/\\\/www.sylvefruit.fr\\\/pepiniere\\\/wp-content\\\/uploads\\\/2024\\\/09\\\/logo.jpg\",\"width\":1420,\"height\":324,\"caption\":\"Sylve & Fruit\"},\"image\":{\"@id\":\"https:\\\/\\\/www.sylvefruit.fr\\\/pepiniere\\\/#\\\/schema\\\/logo\\\/image\\\/\"},\"sameAs\":[\"https:\\\/\\\/www.facebook.com\\\/sylvefruit\\\/\"]}]}<\/script>\n<!-- \/ Yoast SEO plugin. -->","yoast_head_json":{"title":"Qui sommes-nous ? &#8212; Sylve &amp; Fruit","robots":{"index":"index","follow":"follow","max-snippet":"max-snippet:-1","max-image-preview":"max-image-preview:large","max-video-preview":"max-video-preview:-1"},"canonical":"https:\/\/www.sylvefruit.fr\/pepiniere\/le-projet\/","og_locale":"fr_FR","og_type":"article","og_title":"Qui sommes-nous ? &#8212; Sylve &amp; Fruit","og_url":"https:\/\/www.sylvefruit.fr\/pepiniere\/le-projet\/","og_site_name":"Sylve &amp; Fruit","article_publisher":"https:\/\/www.facebook.com\/sylvefruit\/","article_modified_time":"2025-01-24T12:04:55+00:00","og_image":[{"width":2560,"height":1920,"url":"https:\/\/www.sylvefruit.fr\/pepiniere\/wp-content\/uploads\/2023\/09\/IMG_2352-scaled.jpg","type":"image\/jpeg"}],"twitter_card":"summary_large_image","twitter_misc":{"Dur\u00e9e de lecture estim\u00e9e":"3 minutes"},"schema":{"@context":"https:\/\/schema.org","@graph":[{"@type":"WebPage","@id":"https:\/\/www.sylvefruit.fr\/pepiniere\/le-projet\/","url":"https:\/\/www.sylvefruit.fr\/pepiniere\/le-projet\/","name":"Qui sommes-nous ? &#8212; Sylve &amp; Fruit","isPartOf":{"@id":"https:\/\/www.sylvefruit.fr\/pepiniere\/#website"},"primaryImageOfPage":{"@id":"https:\/\/www.sylvefruit.fr\/pepiniere\/le-projet\/#primaryimage"},"image":{"@id":"https:\/\/www.sylvefruit.fr\/pepiniere\/le-projet\/#primaryimage"},"thumbnailUrl":"https:\/\/www.sylvefruit.fr\/pepiniere\/wp-content\/uploads\/2023\/09\/IMG_2352-300x225.jpg","datePublished":"2017-02-14T07:46:16+00:00","dateModified":"2025-01-24T12:04:55+00:00","breadcrumb":{"@id":"https:\/\/www.sylvefruit.fr\/pepiniere\/le-projet\/#breadcrumb"},"inLanguage":"fr-FR","potentialAction":[{"@type":"ReadAction","target":["https:\/\/www.sylvefruit.fr\/pepiniere\/le-projet\/"]}]},{"@type":"ImageObject","inLanguage":"fr-FR","@id":"https:\/\/www.sylvefruit.fr\/pepiniere\/le-projet\/#primaryimage","url":"https:\/\/www.sylvefruit.fr\/pepiniere\/wp-content\/uploads\/2023\/09\/IMG_2352-scaled.jpg","contentUrl":"https:\/\/www.sylvefruit.fr\/pepiniere\/wp-content\/uploads\/2023\/09\/IMG_2352-scaled.jpg","width":2560,"height":1920},{"@type":"BreadcrumbList","@id":"https:\/\/www.sylvefruit.fr\/pepiniere\/le-projet\/#breadcrumb","itemListElement":[{"@type":"ListItem","position":1,"name":"Accueil","item":"https:\/\/www.sylvefruit.fr\/pepiniere\/"},{"@type":"ListItem","position":2,"name":"Qui sommes-nous ?"}]},{"@type":"WebSite","@id":"https:\/\/www.sylvefruit.fr\/pepiniere\/#website","url":"https:\/\/www.sylvefruit.fr\/pepiniere\/","name":"Sylve & Fruit","description":"P\u00e9pini\u00e8re fruiti\u00e8re d&#039;altitude en Is\u00e8re","publisher":{"@id":"https:\/\/www.sylvefruit.fr\/pepiniere\/#organization"},"potentialAction":[{"@type":"SearchAction","target":{"@type":"EntryPoint","urlTemplate":"https:\/\/www.sylvefruit.fr\/pepiniere\/?s={search_term_string}"},"query-input":{"@type":"PropertyValueSpecification","valueRequired":true,"valueName":"search_term_string"}}],"inLanguage":"fr-FR"},{"@type":"Organization","@id":"https:\/\/www.sylvefruit.fr\/pepiniere\/#organization","name":"Sylve & Fruit","url":"https:\/\/www.sylvefruit.fr\/pepiniere\/","logo":{"@type":"ImageObject","inLanguage":"fr-FR","@id":"https:\/\/www.sylvefruit.fr\/pepiniere\/#\/schema\/logo\/image\/","url":"https:\/\/www.sylvefruit.fr\/pepiniere\/wp-content\/uploads\/2024\/09\/logo.jpg","contentUrl":"https:\/\/www.sylvefruit.fr\/pepiniere\/wp-content\/uploads\/2024\/09\/logo.jpg","width":1420,"height":324,"caption":"Sylve & Fruit"},"image":{"@id":"https:\/\/www.sylvefruit.fr\/pepiniere\/#\/schema\/logo\/image\/"},"sameAs":["https:\/\/www.facebook.com\/sylvefruit\/"]}]}},"_links":{"self":[{"href":"https:\/\/www.sylvefruit.fr\/pepiniere\/wp-json\/wp\/v2\/pages\/109","targetHints":{"allow":["GET"]}}],"collection":[{"href":"https:\/\/www.sylvefruit.fr\/pepiniere\/wp-json\/wp\/v2\/pages"}],"about":[{"href":"https:\/\/www.sylvefruit.fr\/pepiniere\/wp-json\/wp\/v2\/types\/page"}],"author":[{"embeddable":true,"href":"https:\/\/www.sylvefruit.fr\/pepiniere\/wp-json\/wp\/v2\/users\/1"}],"replies":[{"embeddable":true,"href":"https:\/\/www.sylvefruit.fr\/pepiniere\/wp-json\/wp\/v2\/comments?post=109"}],"version-history":[{"count":58,"href":"https:\/\/www.sylvefruit.fr\/pepiniere\/wp-json\/wp\/v2\/pages\/109\/revisions"}],"predecessor-version":[{"id":20666,"href":"https:\/\/www.sylvefruit.fr\/pepiniere\/wp-json\/wp\/v2\/pages\/109\/revisions\/20666"}],"wp:attachment":[{"href":"https:\/\/www.sylvefruit.fr\/pepiniere\/wp-json\/wp\/v2\/media?parent=109"}],"curies":[{"name":"wp","href":"https:\/\/api.w.org\/{rel}","templated":true}]}}