{"id":663,"date":"2021-07-06T06:58:58","date_gmt":"2021-07-06T04:58:58","guid":{"rendered":"https:\/\/www.sylvefruit.fr\/pepiniere\/le-projet-copy\/"},"modified":"2025-11-21T12:49:20","modified_gmt":"2025-11-21T11:49:20","slug":"prestations","status":"publish","type":"page","link":"https:\/\/www.sylvefruit.fr\/pepiniere\/prestations\/","title":{"rendered":"Prestations"},"content":{"rendered":"<div class=\"row\"> <div class=\"col-md-2\"><\/div>\n<div class=\"col-md-8\">\n\n<div class=\"panel-group kt-accordion\" id=\"accordionname291\"><div class=\"panel panel-default panel-even\"><div class=\"panel-heading\"><a class=\"accordion-toggle collapsed\" data-toggle=\"collapse\" data-parent=\"#accordionname291\" href=\"#collapse2910\"><h5><i class=\"icon-minus kt-icon-minus primary-color\"><\/i><i class=\"icon-plus kt-icon-plus\"><\/i><strong>Conseil \u00e0 domicile <em>- de juin \u00e0 septembre<\/em><\/strong><\/h5><\/a><\/div><div id=\"collapse2910\" class=\"panel-collapse collapse \"><div class=\"panel-body postclass\">\n<p>B\u00e9n\u00e9ficiez de notre expertise pour concevoir votre verger (accompagnement dans le choix des v\u00e9g\u00e9taux, position des arbres, espacement optimal, conseils de plantation). Nous nous d\u00e9pla\u00e7ons dans le Tri\u00e8ves et en Matheysine. Nous pouvons aussi vous conseiller \u00e0 distance en travaillant sur plans et photos.<strong> Nous consulter de pr\u00e9f\u00e9rence entre juin et septembre.<\/strong><\/p>\n<p>Tarif : <strong>25 \u20ac \/ heure (+ d\u00e9placement)<br \/>\n<\/strong><\/p>\n<p>Email :<strong> contact@sylvefruit.fr<\/strong><\/p>\n<p>T\u00e9l : <strong>04 76 34 02 39<\/strong><\/p>\n<\/div><\/div><\/div>\n<div class=\"panel panel-default panel-odd\"><div class=\"panel-heading\"><a class=\"accordion-toggle collapsed\" data-toggle=\"collapse\" data-parent=\"#accordionname291\" href=\"#collapse2911\"><h5><i class=\"icon-minus kt-icon-minus primary-color\"><\/i><i class=\"icon-plus kt-icon-plus\"><\/i><strong>Plantation \u00e0 domicile - <em>de novembre \u00e0 mars<\/em><\/strong><\/h5><\/a><\/div><div id=\"collapse2911\" class=\"panel-collapse collapse \"><div class=\"panel-body postclass\">\n<p>Vous pouvez nous consulter pour la plantation de nos v\u00e9g\u00e9taux sur votre terrain. Cette prestation inclus la livraison des arbres et nos conseils sur place pour valider les emplacements. Notre p\u00e9rim\u00e8tre d&rsquo;intervention se limite \u00e0 un rayon de 1h max de temps de trajet autour de la p\u00e9pini\u00e8re.<\/p>\n<p>Tarif : <strong>nous consulter<\/strong><\/p>\n<p>Email :<strong> contact@sylvefruit.fr<\/strong><\/p>\n<p>T\u00e9l : <strong>04 76 34 02 39<\/strong><\/p>\n<\/div><\/div><\/div>\n<div class=\"panel panel-default panel-even\"><div class=\"panel-heading\"><a class=\"accordion-toggle collapsed\" data-toggle=\"collapse\" data-parent=\"#accordionname291\" href=\"#collapse2912\"><h5><i class=\"icon-minus kt-icon-minus primary-color\"><\/i><i class=\"icon-plus kt-icon-plus\"><\/i><strong>Taille d'arbres fruitiers \u00e0 domicile<em> - de f\u00e9vrier \u00e0 avril<\/em><\/strong><\/h5><\/a><\/div><div id=\"collapse2912\" class=\"panel-collapse collapse \"><div class=\"panel-body postclass\">\n<table style=\"width: 100%;\">\n<tbody>\n<tr>\n<td style=\"width: 68.8485%;\">Nous pratiquons une taille dite physiologique. L&rsquo;objectif de cette taille des arbres fruitiers consiste \u00e0 <strong>accompagner l&rsquo;arbre vers une production fruiti\u00e8re optimale, gr\u00e2ce \u00e0 des interventions douces et intelligentes<\/strong>. Elle se base sur nos connaissances en mati\u00e8re de d\u00e9veloppement des arbres fruitiers, diff\u00e9rentes en fonction des esp\u00e8ces v\u00e9g\u00e9tales.<\/p>\n<p>&nbsp;<\/p>\n<p><em><strong>Option 1 :<\/strong><\/em> Nous pouvons intervenir sur vos arbres fruitiers pour <strong>tout type de taille<\/strong>, depuis la taille de formation de jeunes arbres jusqu&rsquo;\u00e0 la taille de rajeunissement de vieux sujets, tant que ceux-ci sont encore capables de porter des fruits.<\/p>\n<p>&nbsp;<\/p>\n<p><em><strong>Option 2 :<\/strong> <\/em>Si vous poss\u00e9dez un grand verger et que vous \u00eates int\u00e9ress\u00e9s pour apprendre les bases de la taille, nous pouvons aussi vous proposer <strong>une journ\u00e9e de taille o\u00f9 nous travaillerons ensemble sur vos arbres<\/strong>. L&rsquo;objectif dans ce cas n&rsquo;est pas de tailler la totalit\u00e9 de votre verger, mais de vous apporter les notions importantes pour le faire ensuite vous-m\u00eame.<\/p>\n<p>&nbsp;<\/p>\n<p>NB :<\/p>\n<ul>\n<li><strong>Nous n&rsquo;intervenons que sur les arbres fruitiers<\/strong>. Ce sont sur ces arbres que nos comp\u00e9tences ont un r\u00e9el int\u00e9r\u00eat.<\/li>\n<li><strong>Hors cas particuliers, nous ne faisons pas d&rsquo;\u00e9lagage<\/strong>. Si votre arbre est en bonne sant\u00e9 et qu&rsquo;il a \u00e9t\u00e9 plant\u00e9 \u00e0 bonne distance de tout obstacle, l&rsquo;\u00e9lagage n&rsquo;est en principe jamais n\u00e9cessaire pour obtenir des fruits.<\/li>\n<\/ul>\n<\/td>\n<td style=\"width: 30.1818%;\"><img decoding=\"async\" class=\"alignnone size-medium wp-image-677\" src=\"https:\/\/www.sylvefruit.fr\/pepiniere\/wp-content\/uploads\/2021\/07\/IMG_5178-1-225x300.jpg\" alt=\"\" width=\"225\" height=\"300\" srcset=\"https:\/\/www.sylvefruit.fr\/pepiniere\/wp-content\/uploads\/2021\/07\/IMG_5178-1-225x300.jpg 225w, https:\/\/www.sylvefruit.fr\/pepiniere\/wp-content\/uploads\/2021\/07\/IMG_5178-1-768x1024.jpg 768w, https:\/\/www.sylvefruit.fr\/pepiniere\/wp-content\/uploads\/2021\/07\/IMG_5178-1-600x800.jpg 600w, https:\/\/www.sylvefruit.fr\/pepiniere\/wp-content\/uploads\/2021\/07\/IMG_5178-1.jpg 900w\" sizes=\"(max-width: 225px) 100vw, 225px\" \/>\u00a0 <img decoding=\"async\" class=\"alignnone size-medium wp-image-9479\" src=\"https:\/\/www.sylvefruit.fr\/pepiniere\/wp-content\/uploads\/2022\/10\/Capture-de\u0301cran-2022-10-01-a\u0300-15.11.28-227x300.png\" alt=\"\" width=\"227\" height=\"300\" srcset=\"https:\/\/www.sylvefruit.fr\/pepiniere\/wp-content\/uploads\/2022\/10\/Capture-de\u0301cran-2022-10-01-a\u0300-15.11.28-227x300.png 227w, https:\/\/www.sylvefruit.fr\/pepiniere\/wp-content\/uploads\/2022\/10\/Capture-de\u0301cran-2022-10-01-a\u0300-15.11.28.png 581w\" sizes=\"(max-width: 227px) 100vw, 227px\" \/><\/td>\n<\/tr>\n<\/tbody>\n<\/table>\n<p>Si vous \u00eates int\u00e9ress\u00e9s, vous pouvez nous consulter toute l&rsquo;ann\u00e9e pour programmer cette prestation. Nous essayons dans la mesure du possible de passer voir vos arbres quand ils sont en v\u00e9g\u00e9tation, pour vous proposer un devis en fonction du travail \u00e0 r\u00e9aliser. Notre p\u00e9rim\u00e8tre d&rsquo;intervention se limite \u00e0 un rayon de 1h max de temps de trajet autour de la p\u00e9pini\u00e8re.<\/p>\n<p>Tarif : <strong>nous consulter<\/strong><\/p>\n<p>Email :<strong> contact@sylvefruit.fr<\/strong><\/p>\n<p>T\u00e9l : <strong>04 76 34 02 39<\/strong><\/p>\n<\/div><\/div><\/div>\n<div class=\"panel panel-default panel-odd\"><div class=\"panel-heading\"><a class=\"accordion-toggle collapsed\" data-toggle=\"collapse\" data-parent=\"#accordionname291\" href=\"#collapse2913\"><h5><i class=\"icon-minus kt-icon-minus primary-color\"><\/i><i class=\"icon-plus kt-icon-plus\"><\/i><strong>Accompagnement \u00e0 la cr\u00e9ation de verger (Professionnels et Particuliers) <em>- toute l'ann\u00e9e<\/em><\/strong><\/h5><\/a><\/div><div id=\"collapse2913\" class=\"panel-collapse collapse \"><div class=\"panel-body postclass\">\n<p><strong>Cette prestation s&rsquo;adresse aux <\/strong><strong>professionnels, ou associations\/particuliers souhaitant d\u00e9marrer un verger de 20 arbres minimum.<\/strong><\/p>\n<p>Pour r\u00e9duire le co\u00fbt d&rsquo;achat de vos arbres, nous pouvons vous proposer <strong>la fourniture de porte-greffes que nous viendrons par la suite greffer sur votre terrain<\/strong>. Entre autres avantages, vous plantez des porte-greffes qui vont s&rsquo;enraciner pendant une ann\u00e9e et qui ne subiront jamais de transplantation. Ils sont<strong> faciles \u00e0 planter<\/strong> et cela conf\u00e8re \u00e0 vos futures arbres <strong>un bon ancrage imm\u00e9diat, une croissance r\u00e9guli\u00e8re, une meilleure r\u00e9sistance au sec<\/strong>&#8230;. A noter toutefois que cela repousse votre premi\u00e8re vraie r\u00e9colte de fruits de 1 ou 2 ans, par rapport \u00e0 la plantation de scions greff\u00e9s.<\/p>\n<p>Ci-dessous les grandes lignes de ce type de projet, \u00e0 adapter au cas par cas:<\/p>\n<ul>\n<li>Fourniture de porte-greffes (s\u00e9lectionn\u00e9s par nos soins en fonction de votre projet) &#8211; <strong>Mars ann\u00e9e N<\/strong><\/li>\n<li><em>Plantation et entretien des porte-greffes \u00e0 votre charge &#8211; <strong>Mars ann\u00e9e N<\/strong><\/em><\/li>\n<li>Visite de contr\u00f4le de la croissance des porte-greffes &#8211; <strong>Juillet ann\u00e9e N<\/strong><\/li>\n<li>Campagne de greffes de printemps &#8211; <strong>Mars\/Avril ann\u00e9e N+1<\/strong><\/li>\n<li><em>Entretien des greffes \u00e0 votre charge, sur la base des conseils et gestes que nous vous aurons au pr\u00e9alable enseign\u00e9s<\/em><\/li>\n<li>Visite de contr\u00f4le des greffes &#8211; <strong>Mai\/Juin ann\u00e9e N+1<\/strong><\/li>\n<\/ul>\n<p>&nbsp;<\/p>\n<p>IMPORTANT :<\/p>\n<ul>\n<li>Ces projets incluent nos conseils, nos d\u00e9placements sur votre terrain et la logistique des greffons (choix des vari\u00e9t\u00e9s \u00e0 discuter ensemble).<\/li>\n<li>En cas de croissance insuffisante des portes-greffes (manque d&rsquo;eau, protections insuffisantes,&#8230;) le projet est report\u00e9 d&rsquo;une ann\u00e9e.<\/li>\n<li>Nous pr\u00e9voyons un stock de porte-greffes de &lsquo;s\u00e9curit\u00e9&rsquo; pour les \u00e9ventuels \u00e9checs de greffes, afin de ne pas cr\u00e9er de deltas de croissance trop importants dans votre verger.<\/li>\n<li><strong>Ce type de projet doit \u00eatre bien anticip\u00e9, car nous pr\u00e9voyons nos stocks de porte-greffe au plus tard en Septembre pour une plantation en F\u00e9vrier\/Mars.<\/strong><\/li>\n<\/ul>\n<p>&nbsp;<\/p>\n<p>Tarifs : nous consulter<\/p>\n<p>Email :<strong> contact@sylvefruit.fr<\/strong><\/p>\n<p>T\u00e9l : <strong>04 76 34 02 39<\/strong><\/p>\n<\/div><\/div><\/div>\n<div class=\"panel panel-default panel-even\"><div class=\"panel-heading\"><a class=\"accordion-toggle collapsed\" data-toggle=\"collapse\" data-parent=\"#accordionname291\" href=\"#collapse2914\"><h5><i class=\"icon-minus kt-icon-minus primary-color\"><\/i><i class=\"icon-plus kt-icon-plus\"><\/i><strong>Greffe \u00e0 fa\u00e7on \/ Sauvegarde de vos fruitiers - <em>de d\u00e9cembre \u00e0 f\u00e9vrier<\/em><\/strong><\/h5><\/a><\/div><div id=\"collapse2914\" class=\"panel-collapse collapse \"><div class=\"panel-body postclass\">\n<p>Vous souhaitez multiplier un arbre fruitier tr\u00e8s appr\u00e9ci\u00e9 chez vous, mais dont vous ne connaissez pas la vari\u00e9t\u00e9? Ou bien sauvegarder un vieil arbre familial plant\u00e9 par vos grands-parents?\u00a0 <strong>La m\u00e9thode est simple, il s&rsquo;agit de la greffe \u00e0 fa\u00e7on.<\/strong><\/p>\n<p><em>Descriptif<\/em> :<\/p>\n<p>Vous devez pr\u00e9lever des greffons sur l&rsquo;arbre que vous souhaitez multiplier ou sauvegarder. Ce pr\u00e9l\u00e8vement s&rsquo;effectue id\u00e9alement entre d\u00e9cembre et f\u00e9vrier, lorsque les arbres sont en dormance (pr\u00e9lever des rameaux de l&rsquo;ann\u00e9e, les plus beaux et les plus vigoureux). Vous nous apportez les greffons dans la foul\u00e9e, afin de les stocker de mani\u00e8re s\u00fbre au frais dans nos locaux. Nous greffons ensuite ces rameaux sur les portes-greffes que nous cultivons en p\u00e9pini\u00e8re. Ils pousseront une saison dans nos lignes de culture, en b\u00e9n\u00e9ficiant de notre suivi quotidien. Il ne vous restera plus qu&rsquo;\u00e0 venir r\u00e9cup\u00e9rer votre(vos) arbre(s) d\u00e8s l&rsquo;automne qui suit pour le(s) planter sur votre terrain.<\/p>\n<p><strong>Tarif : <\/strong><strong>30\u20ac par plant greff\u00e9 (quantit\u00e9 minimale x2) <\/strong>&#8211; <em>montant d\u00fb uniquement pour les arbres dont la greffe a r\u00e9ussi<\/em><\/p>\n<p>&nbsp;<\/p>\n<p>Contactez nous <strong>entre le 15 d\u00e9cembre et le 15 f\u00e9vrier<\/strong> pour nous commander cette prestation.<\/p>\n<p><strong>Pour des quantit\u00e9s sup\u00e9rieures \u00e0 10 unit\u00e9s, tarif d\u00e9gressif.<\/strong><\/p>\n<p>&nbsp;<\/p>\n<p>Dans tous les cas n&rsquo;h\u00e9sitez pas \u00e0 nous contacter pour plus d&rsquo;informations concernant cette prestation.<\/p>\n<p>Email :<strong> contact@sylvefruit.fr<\/strong><\/p>\n<p>T\u00e9l : <strong>04 76 34 02 39<br \/>\n<\/strong><\/p>\n<\/div><\/div><\/div>\n<div class=\"panel panel-default panel-odd\"><div class=\"panel-heading\"><a class=\"accordion-toggle collapsed\" data-toggle=\"collapse\" data-parent=\"#accordionname291\" href=\"#collapse2915\"><h5><i class=\"icon-minus kt-icon-minus primary-color\"><\/i><i class=\"icon-plus kt-icon-plus\"><\/i><strong>Greffe \u00e0 domicile (Particuliers) - <em>de f\u00e9vrier \u00e0 mai<\/em><\/strong><\/h5><\/a><\/div><div id=\"collapse2915\" class=\"panel-collapse collapse \"><div class=\"panel-body postclass\">\n<p>Nous pouvons venir chez vous pour surgreffer un fruitier (si la vari\u00e9t\u00e9 ne vous convient pas) ou greffer un fruitier sauvage (aub\u00e9pine, prunier, prunelier, poirier, pommier&#8230;) avec une vari\u00e9t\u00e9 de votre choix (consultez le catalogue pour avoir une id\u00e9e).<br \/>\nP\u00e9riode d&rsquo;intervention: f\u00e9vrier \u00e0 mai<\/p>\n<p>&nbsp;<\/p>\n<p><img decoding=\"async\" class=\"alignnone size-medium wp-image-9484\" src=\"https:\/\/www.sylvefruit.fr\/pepiniere\/wp-content\/uploads\/2022\/10\/Capture-de\u0301cran-2022-10-01-a\u0300-15.26.17-300x201.png\" alt=\"\" width=\"300\" height=\"201\" srcset=\"https:\/\/www.sylvefruit.fr\/pepiniere\/wp-content\/uploads\/2022\/10\/Capture-de\u0301cran-2022-10-01-a\u0300-15.26.17-300x201.png 300w, https:\/\/www.sylvefruit.fr\/pepiniere\/wp-content\/uploads\/2022\/10\/Capture-de\u0301cran-2022-10-01-a\u0300-15.26.17-1024x687.png 1024w, https:\/\/www.sylvefruit.fr\/pepiniere\/wp-content\/uploads\/2022\/10\/Capture-de\u0301cran-2022-10-01-a\u0300-15.26.17-768x515.png 768w, https:\/\/www.sylvefruit.fr\/pepiniere\/wp-content\/uploads\/2022\/10\/Capture-de\u0301cran-2022-10-01-a\u0300-15.26.17-720x480.png 720w, https:\/\/www.sylvefruit.fr\/pepiniere\/wp-content\/uploads\/2022\/10\/Capture-de\u0301cran-2022-10-01-a\u0300-15.26.17-600x402.png 600w, https:\/\/www.sylvefruit.fr\/pepiniere\/wp-content\/uploads\/2022\/10\/Capture-de\u0301cran-2022-10-01-a\u0300-15.26.17.png 1148w\" sizes=\"(max-width: 300px) 100vw, 300px\" \/> \u00a0 <img decoding=\"async\" class=\"alignnone size-medium wp-image-9485\" src=\"https:\/\/www.sylvefruit.fr\/pepiniere\/wp-content\/uploads\/2022\/10\/Capture-de\u0301cran-2022-10-01-a\u0300-15.27.16-170x300.png\" alt=\"\" width=\"170\" height=\"300\" srcset=\"https:\/\/www.sylvefruit.fr\/pepiniere\/wp-content\/uploads\/2022\/10\/Capture-de\u0301cran-2022-10-01-a\u0300-15.27.16-170x300.png 170w, https:\/\/www.sylvefruit.fr\/pepiniere\/wp-content\/uploads\/2022\/10\/Capture-de\u0301cran-2022-10-01-a\u0300-15.27.16.png 437w\" sizes=\"(max-width: 170px) 100vw, 170px\" \/><\/p>\n<p>&nbsp;<\/p>\n<p>Tarifs: nous consulter<\/p>\n<p>Email :<strong> contact@sylvefruit.fr<\/strong><\/p>\n<p>T\u00e9l : <strong>04 76 34 02 39<\/strong><\/p>\n<\/div><\/div><\/div>\n<div class=\"panel panel-default panel-even\"><div class=\"panel-heading\"><a class=\"accordion-toggle collapsed\" data-toggle=\"collapse\" data-parent=\"#accordionname291\" href=\"#collapse2916\"><h5><i class=\"icon-minus kt-icon-minus primary-color\"><\/i><i class=\"icon-plus kt-icon-plus\"><\/i><strong>Stages<\/strong><\/h5><\/a><\/div><div id=\"collapse2916\" class=\"panel-collapse collapse \"><div class=\"panel-body postclass\">\n<p><strong>Si vous \u00eates int\u00e9ress\u00e9s par des stages autour de l&rsquo;arbre fruitier vous pouvez aller visiter le site de l&rsquo;entreprise Petit Arbre :<a href=\"https:\/\/www.petitarbre.fr\"> https:\/\/www.petitarbre.fr<\/a><\/strong><\/p>\n<\/div><\/div><\/div><\/div>\n\n<div class=\"hrule clearfix\"><\/div>\n<\/div>\n<div class=\"col-md-2\"><\/div>\n<\/div>\n<p><img decoding=\"async\" class=\"wp-image-562 size-full aligncenter\" src=\"https:\/\/www.sylvefruit.fr\/pepiniere\/wp-content\/uploads\/2021\/06\/BasdePage.png\" alt=\"\" width=\"974\" height=\"334\" srcset=\"https:\/\/www.sylvefruit.fr\/pepiniere\/wp-content\/uploads\/2021\/06\/BasdePage.png 974w, https:\/\/www.sylvefruit.fr\/pepiniere\/wp-content\/uploads\/2021\/06\/BasdePage-300x103.png 300w, https:\/\/www.sylvefruit.fr\/pepiniere\/wp-content\/uploads\/2021\/06\/BasdePage-768x263.png 768w, https:\/\/www.sylvefruit.fr\/pepiniere\/wp-content\/uploads\/2021\/06\/BasdePage-600x206.png 600w\" sizes=\"(max-width: 974px) 100vw, 974px\" \/><\/p>\n","protected":false},"excerpt":{"rendered":"","protected":false},"author":3,"featured_media":0,"parent":0,"menu_order":0,"comment_status":"closed","ping_status":"closed","template":"","meta":{"footnotes":""},"class_list":["post-663","page","type-page","status-publish","hentry"],"yoast_head":"<!-- This site is optimized with the Yoast SEO plugin v27.5 - https:\/\/yoast.com\/product\/yoast-seo-wordpress\/ -->\n<title>Prestations &#8212; Sylve &amp; Fruit<\/title>\n<meta name=\"robots\" content=\"index, follow, max-snippet:-1, max-image-preview:large, max-video-preview:-1\" \/>\n<link rel=\"canonical\" href=\"https:\/\/www.sylvefruit.fr\/pepiniere\/prestations\/\" \/>\n<meta property=\"og:locale\" content=\"fr_FR\" \/>\n<meta property=\"og:type\" content=\"article\" \/>\n<meta property=\"og:title\" content=\"Prestations &#8212; Sylve &amp; Fruit\" \/>\n<meta property=\"og:url\" content=\"https:\/\/www.sylvefruit.fr\/pepiniere\/prestations\/\" \/>\n<meta property=\"og:site_name\" content=\"Sylve &amp; Fruit\" \/>\n<meta property=\"article:publisher\" content=\"https:\/\/www.facebook.com\/sylvefruit\/\" \/>\n<meta property=\"article:modified_time\" content=\"2025-11-21T11:49:20+00:00\" \/>\n<meta property=\"og:image\" content=\"https:\/\/www.sylvefruit.fr\/pepiniere\/wp-content\/uploads\/2021\/07\/IMG_5178-1.jpg\" \/>\n\t<meta property=\"og:image:width\" content=\"900\" \/>\n\t<meta property=\"og:image:height\" content=\"1200\" \/>\n\t<meta property=\"og:image:type\" content=\"image\/jpeg\" \/>\n<meta name=\"twitter:card\" content=\"summary_large_image\" \/>\n<meta name=\"twitter:label1\" content=\"Dur\u00e9e de lecture estim\u00e9e\" \/>\n\t<meta name=\"twitter:data1\" content=\"7 minutes\" \/>\n<script type=\"application\/ld+json\" class=\"yoast-schema-graph\">{\"@context\":\"https:\\\/\\\/schema.org\",\"@graph\":[{\"@type\":\"WebPage\",\"@id\":\"https:\\\/\\\/www.sylvefruit.fr\\\/pepiniere\\\/prestations\\\/\",\"url\":\"https:\\\/\\\/www.sylvefruit.fr\\\/pepiniere\\\/prestations\\\/\",\"name\":\"Prestations &#8212; Sylve &amp; Fruit\",\"isPartOf\":{\"@id\":\"https:\\\/\\\/www.sylvefruit.fr\\\/pepiniere\\\/#website\"},\"primaryImageOfPage\":{\"@id\":\"https:\\\/\\\/www.sylvefruit.fr\\\/pepiniere\\\/prestations\\\/#primaryimage\"},\"image\":{\"@id\":\"https:\\\/\\\/www.sylvefruit.fr\\\/pepiniere\\\/prestations\\\/#primaryimage\"},\"thumbnailUrl\":\"https:\\\/\\\/www.sylvefruit.fr\\\/pepiniere\\\/wp-content\\\/uploads\\\/2021\\\/07\\\/IMG_5178-1-225x300.jpg\",\"datePublished\":\"2021-07-06T04:58:58+00:00\",\"dateModified\":\"2025-11-21T11:49:20+00:00\",\"breadcrumb\":{\"@id\":\"https:\\\/\\\/www.sylvefruit.fr\\\/pepiniere\\\/prestations\\\/#breadcrumb\"},\"inLanguage\":\"fr-FR\",\"potentialAction\":[{\"@type\":\"ReadAction\",\"target\":[\"https:\\\/\\\/www.sylvefruit.fr\\\/pepiniere\\\/prestations\\\/\"]}]},{\"@type\":\"ImageObject\",\"inLanguage\":\"fr-FR\",\"@id\":\"https:\\\/\\\/www.sylvefruit.fr\\\/pepiniere\\\/prestations\\\/#primaryimage\",\"url\":\"https:\\\/\\\/www.sylvefruit.fr\\\/pepiniere\\\/wp-content\\\/uploads\\\/2021\\\/07\\\/IMG_5178-1.jpg\",\"contentUrl\":\"https:\\\/\\\/www.sylvefruit.fr\\\/pepiniere\\\/wp-content\\\/uploads\\\/2021\\\/07\\\/IMG_5178-1.jpg\",\"width\":900,\"height\":1200},{\"@type\":\"BreadcrumbList\",\"@id\":\"https:\\\/\\\/www.sylvefruit.fr\\\/pepiniere\\\/prestations\\\/#breadcrumb\",\"itemListElement\":[{\"@type\":\"ListItem\",\"position\":1,\"name\":\"Accueil\",\"item\":\"https:\\\/\\\/www.sylvefruit.fr\\\/pepiniere\\\/\"},{\"@type\":\"ListItem\",\"position\":2,\"name\":\"Prestations\"}]},{\"@type\":\"WebSite\",\"@id\":\"https:\\\/\\\/www.sylvefruit.fr\\\/pepiniere\\\/#website\",\"url\":\"https:\\\/\\\/www.sylvefruit.fr\\\/pepiniere\\\/\",\"name\":\"Sylve & Fruit\",\"description\":\"P\u00e9pini\u00e8re fruiti\u00e8re d&#039;altitude en Is\u00e8re\",\"publisher\":{\"@id\":\"https:\\\/\\\/www.sylvefruit.fr\\\/pepiniere\\\/#organization\"},\"potentialAction\":[{\"@type\":\"SearchAction\",\"target\":{\"@type\":\"EntryPoint\",\"urlTemplate\":\"https:\\\/\\\/www.sylvefruit.fr\\\/pepiniere\\\/?s={search_term_string}\"},\"query-input\":{\"@type\":\"PropertyValueSpecification\",\"valueRequired\":true,\"valueName\":\"search_term_string\"}}],\"inLanguage\":\"fr-FR\"},{\"@type\":\"Organization\",\"@id\":\"https:\\\/\\\/www.sylvefruit.fr\\\/pepiniere\\\/#organization\",\"name\":\"Sylve & Fruit\",\"url\":\"https:\\\/\\\/www.sylvefruit.fr\\\/pepiniere\\\/\",\"logo\":{\"@type\":\"ImageObject\",\"inLanguage\":\"fr-FR\",\"@id\":\"https:\\\/\\\/www.sylvefruit.fr\\\/pepiniere\\\/#\\\/schema\\\/logo\\\/image\\\/\",\"url\":\"https:\\\/\\\/www.sylvefruit.fr\\\/pepiniere\\\/wp-content\\\/uploads\\\/2024\\\/09\\\/logo.jpg\",\"contentUrl\":\"https:\\\/\\\/www.sylvefruit.fr\\\/pepiniere\\\/wp-content\\\/uploads\\\/2024\\\/09\\\/logo.jpg\",\"width\":1420,\"height\":324,\"caption\":\"Sylve & Fruit\"},\"image\":{\"@id\":\"https:\\\/\\\/www.sylvefruit.fr\\\/pepiniere\\\/#\\\/schema\\\/logo\\\/image\\\/\"},\"sameAs\":[\"https:\\\/\\\/www.facebook.com\\\/sylvefruit\\\/\"]}]}<\/script>\n<!-- \/ Yoast SEO plugin. -->","yoast_head_json":{"title":"Prestations &#8212; Sylve &amp; Fruit","robots":{"index":"index","follow":"follow","max-snippet":"max-snippet:-1","max-image-preview":"max-image-preview:large","max-video-preview":"max-video-preview:-1"},"canonical":"https:\/\/www.sylvefruit.fr\/pepiniere\/prestations\/","og_locale":"fr_FR","og_type":"article","og_title":"Prestations &#8212; Sylve &amp; Fruit","og_url":"https:\/\/www.sylvefruit.fr\/pepiniere\/prestations\/","og_site_name":"Sylve &amp; Fruit","article_publisher":"https:\/\/www.facebook.com\/sylvefruit\/","article_modified_time":"2025-11-21T11:49:20+00:00","og_image":[{"width":900,"height":1200,"url":"https:\/\/www.sylvefruit.fr\/pepiniere\/wp-content\/uploads\/2021\/07\/IMG_5178-1.jpg","type":"image\/jpeg"}],"twitter_card":"summary_large_image","twitter_misc":{"Dur\u00e9e de lecture estim\u00e9e":"7 minutes"},"schema":{"@context":"https:\/\/schema.org","@graph":[{"@type":"WebPage","@id":"https:\/\/www.sylvefruit.fr\/pepiniere\/prestations\/","url":"https:\/\/www.sylvefruit.fr\/pepiniere\/prestations\/","name":"Prestations &#8212; Sylve &amp; Fruit","isPartOf":{"@id":"https:\/\/www.sylvefruit.fr\/pepiniere\/#website"},"primaryImageOfPage":{"@id":"https:\/\/www.sylvefruit.fr\/pepiniere\/prestations\/#primaryimage"},"image":{"@id":"https:\/\/www.sylvefruit.fr\/pepiniere\/prestations\/#primaryimage"},"thumbnailUrl":"https:\/\/www.sylvefruit.fr\/pepiniere\/wp-content\/uploads\/2021\/07\/IMG_5178-1-225x300.jpg","datePublished":"2021-07-06T04:58:58+00:00","dateModified":"2025-11-21T11:49:20+00:00","breadcrumb":{"@id":"https:\/\/www.sylvefruit.fr\/pepiniere\/prestations\/#breadcrumb"},"inLanguage":"fr-FR","potentialAction":[{"@type":"ReadAction","target":["https:\/\/www.sylvefruit.fr\/pepiniere\/prestations\/"]}]},{"@type":"ImageObject","inLanguage":"fr-FR","@id":"https:\/\/www.sylvefruit.fr\/pepiniere\/prestations\/#primaryimage","url":"https:\/\/www.sylvefruit.fr\/pepiniere\/wp-content\/uploads\/2021\/07\/IMG_5178-1.jpg","contentUrl":"https:\/\/www.sylvefruit.fr\/pepiniere\/wp-content\/uploads\/2021\/07\/IMG_5178-1.jpg","width":900,"height":1200},{"@type":"BreadcrumbList","@id":"https:\/\/www.sylvefruit.fr\/pepiniere\/prestations\/#breadcrumb","itemListElement":[{"@type":"ListItem","position":1,"name":"Accueil","item":"https:\/\/www.sylvefruit.fr\/pepiniere\/"},{"@type":"ListItem","position":2,"name":"Prestations"}]},{"@type":"WebSite","@id":"https:\/\/www.sylvefruit.fr\/pepiniere\/#website","url":"https:\/\/www.sylvefruit.fr\/pepiniere\/","name":"Sylve & Fruit","description":"P\u00e9pini\u00e8re fruiti\u00e8re d&#039;altitude en Is\u00e8re","publisher":{"@id":"https:\/\/www.sylvefruit.fr\/pepiniere\/#organization"},"potentialAction":[{"@type":"SearchAction","target":{"@type":"EntryPoint","urlTemplate":"https:\/\/www.sylvefruit.fr\/pepiniere\/?s={search_term_string}"},"query-input":{"@type":"PropertyValueSpecification","valueRequired":true,"valueName":"search_term_string"}}],"inLanguage":"fr-FR"},{"@type":"Organization","@id":"https:\/\/www.sylvefruit.fr\/pepiniere\/#organization","name":"Sylve & Fruit","url":"https:\/\/www.sylvefruit.fr\/pepiniere\/","logo":{"@type":"ImageObject","inLanguage":"fr-FR","@id":"https:\/\/www.sylvefruit.fr\/pepiniere\/#\/schema\/logo\/image\/","url":"https:\/\/www.sylvefruit.fr\/pepiniere\/wp-content\/uploads\/2024\/09\/logo.jpg","contentUrl":"https:\/\/www.sylvefruit.fr\/pepiniere\/wp-content\/uploads\/2024\/09\/logo.jpg","width":1420,"height":324,"caption":"Sylve & Fruit"},"image":{"@id":"https:\/\/www.sylvefruit.fr\/pepiniere\/#\/schema\/logo\/image\/"},"sameAs":["https:\/\/www.facebook.com\/sylvefruit\/"]}]}},"_links":{"self":[{"href":"https:\/\/www.sylvefruit.fr\/pepiniere\/wp-json\/wp\/v2\/pages\/663","targetHints":{"allow":["GET"]}}],"collection":[{"href":"https:\/\/www.sylvefruit.fr\/pepiniere\/wp-json\/wp\/v2\/pages"}],"about":[{"href":"https:\/\/www.sylvefruit.fr\/pepiniere\/wp-json\/wp\/v2\/types\/page"}],"author":[{"embeddable":true,"href":"https:\/\/www.sylvefruit.fr\/pepiniere\/wp-json\/wp\/v2\/users\/3"}],"replies":[{"embeddable":true,"href":"https:\/\/www.sylvefruit.fr\/pepiniere\/wp-json\/wp\/v2\/comments?post=663"}],"version-history":[{"count":86,"href":"https:\/\/www.sylvefruit.fr\/pepiniere\/wp-json\/wp\/v2\/pages\/663\/revisions"}],"predecessor-version":[{"id":18109,"href":"https:\/\/www.sylvefruit.fr\/pepiniere\/wp-json\/wp\/v2\/pages\/663\/revisions\/18109"}],"wp:attachment":[{"href":"https:\/\/www.sylvefruit.fr\/pepiniere\/wp-json\/wp\/v2\/media?parent=663"}],"curies":[{"name":"wp","href":"https:\/\/api.w.org\/{rel}","templated":true}]}}